{"id":45,"date":"2022-08-23T16:43:43","date_gmt":"2022-08-23T16:43:43","guid":{"rendered":"https:\/\/aidap2023.ualg.pt\/?page_id=45"},"modified":"2023-05-07T22:35:19","modified_gmt":"2023-05-07T22:35:19","slug":"apresentacao","status":"publish","type":"page","link":"https:\/\/aidap2023.ualg.pt\/es\/","title":{"rendered":"Presentaci\u00f3n"},"content":{"rendered":"<div data-elementor-type=\"wp-page\" data-elementor-id=\"45\" class=\"elementor elementor-45\" data-elementor-post-type=\"page\">\n\t\t\t\t\t\t<section class=\"elementor-section elementor-top-section elementor-element elementor-element-d98db5b elementor-section-boxed elementor-section-height-default elementor-section-height-default\" data-id=\"d98db5b\" data-element_type=\"section\" data-e-type=\"section\">\n\t\t\t\t\t\t<div class=\"elementor-container elementor-column-gap-default\">\n\t\t\t\t\t<div class=\"elementor-column elementor-col-100 elementor-top-column elementor-element elementor-element-8ad1521\" data-id=\"8ad1521\" data-element_type=\"column\" data-e-type=\"column\">\n\t\t\t<div class=\"elementor-widget-wrap elementor-element-populated\">\n\t\t\t\t\t\t<div class=\"elementor-element elementor-element-4e70a3a elementor-widget elementor-widget-heading\" data-id=\"4e70a3a\" data-element_type=\"widget\" data-e-type=\"widget\" data-widget_type=\"heading.default\">\n\t\t\t\t<div class=\"elementor-widget-container\">\n\t\t\t\t\t<h2 class=\"elementor-heading-title elementor-size-default\">Presentaci\u00f3n<\/h2>\t\t\t\t<\/div>\n\t\t\t\t<\/div>\n\t\t\t\t\t<\/div>\n\t\t<\/div>\n\t\t\t\t\t<\/div>\n\t\t<\/section>\n\t\t\t\t<section class=\"elementor-section elementor-top-section elementor-element elementor-element-2d3b98f elementor-section-boxed elementor-section-height-default elementor-section-height-default\" data-id=\"2d3b98f\" data-element_type=\"section\" data-e-type=\"section\">\n\t\t\t\t\t\t<div class=\"elementor-container elementor-column-gap-default\">\n\t\t\t\t\t<div class=\"elementor-column elementor-col-100 elementor-top-column elementor-element elementor-element-423f11f\" data-id=\"423f11f\" data-element_type=\"column\" data-e-type=\"column\">\n\t\t\t<div class=\"elementor-widget-wrap elementor-element-populated\">\n\t\t\t\t\t\t<div class=\"elementor-element elementor-element-7db2677 elementor-widget elementor-widget-text-editor\" data-id=\"7db2677\" data-element_type=\"widget\" data-e-type=\"widget\" data-widget_type=\"text-editor.default\">\n\t\t\t\t<div class=\"elementor-widget-container\">\n\t\t\t\t\t\t\t\t\t<p><img decoding=\"async\" class=\"wp-image-891 alignright\" src=\"https:\/\/aidap2023.ualg.pt\/wp-content\/uploads\/2023\/03\/logo_accaoformativaacreditada_opp-300x283.jpg\" alt=\"\" width=\"143\" height=\"135\" srcset=\"https:\/\/aidap2023.ualg.pt\/wp-content\/uploads\/2023\/03\/logo_accaoformativaacreditada_opp-300x283.jpg 300w, https:\/\/aidap2023.ualg.pt\/wp-content\/uploads\/2023\/03\/logo_accaoformativaacreditada_opp-13x12.jpg 13w, https:\/\/aidap2023.ualg.pt\/wp-content\/uploads\/2023\/03\/logo_accaoformativaacreditada_opp.jpg 613w\" sizes=\"(max-width: 143px) 100vw, 143px\" \/><\/p><p>Bienvenidos al 11\u00ba Congreso de la AIDAP\/AIDEP (Asociaci\u00f3n Iberoamericana de Diagn\u00f3stico y Evaluaci\u00f3n Psicol\u00f3gica), que tendr\u00e1 lugar en la Universidad del Algarve (Faro, Portugal), los d\u00edas 4 y 5 de mayo de 2023.<\/p><p>Este congreso tendr\u00e1 un formato h\u00edbrido, permitiendo la participaci\u00f3n presencial o a distancia (online).<\/p><ul><li><a href=\"https:\/\/aidap2023.ualg.pt\/es\/mensagem-da-presidente-da-direcao-da-aidep-aidap\/\">Mensaje de la Presidente de la Direcci\u00f3n de la AIDEP\/AIDAP<\/a><\/li><li><a href=\"https:\/\/aidap2023.ualg.pt\/es\/mensagem-do-presidente-da-comissao-organizadora-do-congresso\/\">Mensaje del Presidente de la Comisi\u00f3n Organizadora del Congreso<\/a><\/li><\/ul>\t\t\t\t\t\t\t\t<\/div>\n\t\t\t\t<\/div>\n\t\t\t\t\t<\/div>\n\t\t<\/div>\n\t\t\t\t\t<\/div>\n\t\t<\/section>\n\t\t\t\t<section class=\"elementor-section elementor-top-section elementor-element elementor-element-5e94cf8 elementor-section-boxed elementor-section-height-default elementor-section-height-default\" data-id=\"5e94cf8\" data-element_type=\"section\" data-e-type=\"section\">\n\t\t\t\t\t\t<div class=\"elementor-container elementor-column-gap-default\">\n\t\t\t\t\t<div class=\"elementor-column elementor-col-100 elementor-top-column elementor-element elementor-element-5374dc5\" data-id=\"5374dc5\" data-element_type=\"column\" data-e-type=\"column\">\n\t\t\t<div class=\"elementor-widget-wrap elementor-element-populated\">\n\t\t\t\t\t\t\t<\/div>\n\t\t<\/div>\n\t\t\t\t\t<\/div>\n\t\t<\/section>\n\t\t\t\t<section class=\"elementor-section elementor-top-section elementor-element elementor-element-fabe622 elementor-section-boxed elementor-section-height-default elementor-section-height-default\" data-id=\"fabe622\" data-element_type=\"section\" data-e-type=\"section\">\n\t\t\t\t\t\t<div class=\"elementor-container elementor-column-gap-default\">\n\t\t\t\t\t<div class=\"elementor-column elementor-col-100 elementor-top-column elementor-element elementor-element-8351ab5\" data-id=\"8351ab5\" data-element_type=\"column\" data-e-type=\"column\">\n\t\t\t<div class=\"elementor-widget-wrap elementor-element-populated\">\n\t\t\t\t\t\t<div class=\"elementor-element elementor-element-1bf3c92 elementor-widget elementor-widget-text-editor\" data-id=\"1bf3c92\" data-element_type=\"widget\" data-e-type=\"widget\" data-widget_type=\"text-editor.default\">\n\t\t\t\t<div class=\"elementor-widget-container\">\n\t\t\t\t\t\t\t\t\t<p><b>ATENCI\u00d3N:\u00a0<\/b><b style=\"font-family: var( --e-global-typography-text-font-family ), Sans-serif; font-size: 1rem;\">REGLAS DE PRESENTACI\u00d3N DE ART\u00cdCULOS:<\/b><\/p><p>La informaci\u00f3n relativa a la sumisi\u00f3n de textos para publicaci\u00f3n en las\u00a0<u>Actas del Congreso<\/u>, y la candidatura para su posible publicaci\u00f3n en un n\u00famero especial del Congreso a ser publicado por la revista oficial de AIDAP\/AIDEP - RIDEP, ha sido actualizada en la secci\u00f3n \"SUMISIONES - Art\u00edculos \". Se llama la atenci\u00f3n sobre los\u00a0<b>plazos de sumisi\u00f3n<\/b>\u00a0que se pueden consultar en esta secci\u00f3n.<\/p>\t\t\t\t\t\t\t\t<\/div>\n\t\t\t\t<\/div>\n\t\t\t\t\t<\/div>\n\t\t<\/div>\n\t\t\t\t\t<\/div>\n\t\t<\/section>\n\t\t\t\t<\/div>","protected":false},"excerpt":{"rendered":"<p>Apresenta\u00e7\u00e3o Sejam bem-vindos ao 11\u00ba Congresso da AIDAP\/AIDEP (Associa\u00e7\u00e3o Iberoamericana de Diagn\u00f3stico e Avalia\u00e7\u00e3o Psicol\u00f3gica), a realizar na Universidade do Algarve (Faro, Portugal), nos dias 4 e 5 de maio de 2023. Este congresso ter\u00e1 um formato h\u00edbrido, podendo a participa\u00e7\u00e3o ocorrer de forma presencial ou remota (online). Mensagem da Presidente da Dire\u00e7\u00e3o da AIDEP\/AIDAP [&hellip;]<\/p>\n","protected":false},"author":2,"featured_media":0,"parent":0,"menu_order":0,"comment_status":"closed","ping_status":"closed","template":"elementor_theme","meta":{"footnotes":""},"class_list":["post-45","page","type-page","status-publish","hentry"],"_links":{"self":[{"href":"https:\/\/aidap2023.ualg.pt\/es\/wp-json\/wp\/v2\/pages\/45","targetHints":{"allow":["GET"]}}],"collection":[{"href":"https:\/\/aidap2023.ualg.pt\/es\/wp-json\/wp\/v2\/pages"}],"about":[{"href":"https:\/\/aidap2023.ualg.pt\/es\/wp-json\/wp\/v2\/types\/page"}],"author":[{"embeddable":true,"href":"https:\/\/aidap2023.ualg.pt\/es\/wp-json\/wp\/v2\/users\/2"}],"replies":[{"embeddable":true,"href":"https:\/\/aidap2023.ualg.pt\/es\/wp-json\/wp\/v2\/comments?post=45"}],"version-history":[{"count":109,"href":"https:\/\/aidap2023.ualg.pt\/es\/wp-json\/wp\/v2\/pages\/45\/revisions"}],"predecessor-version":[{"id":1782,"href":"https:\/\/aidap2023.ualg.pt\/es\/wp-json\/wp\/v2\/pages\/45\/revisions\/1782"}],"wp:attachment":[{"href":"https:\/\/aidap2023.ualg.pt\/es\/wp-json\/wp\/v2\/media?parent=45"}],"curies":[{"name":"wp","href":"https:\/\/api.w.org\/{rel}","templated":true}]}}