{"id":151,"date":"2022-08-25T09:12:22","date_gmt":"2022-08-25T09:12:22","guid":{"rendered":"https:\/\/aidap2023.ualg.pt\/?page_id=151"},"modified":"2022-08-30T19:43:44","modified_gmt":"2022-08-30T19:43:44","slug":"mensagem-da-presidente-da-direcao-da-aidep-aidap","status":"publish","type":"page","link":"https:\/\/aidap2023.ualg.pt\/es\/mensagem-da-presidente-da-direcao-da-aidep-aidap\/","title":{"rendered":"Mensaje de la Presidente de la Direcci\u00f3n de la AIDEP\/AIDAP"},"content":{"rendered":"<div data-elementor-type=\"wp-page\" data-elementor-id=\"151\" class=\"elementor elementor-151\" data-elementor-post-type=\"page\">\n\t\t\t\t\t\t<section class=\"elementor-section elementor-top-section elementor-element elementor-element-cbdf8f6 elementor-section-boxed elementor-section-height-default elementor-section-height-default\" data-id=\"cbdf8f6\" data-element_type=\"section\" data-e-type=\"section\">\n\t\t\t\t\t\t<div class=\"elementor-container elementor-column-gap-default\">\n\t\t\t\t\t<div class=\"elementor-column elementor-col-100 elementor-top-column elementor-element elementor-element-6305955\" data-id=\"6305955\" data-element_type=\"column\" data-e-type=\"column\">\n\t\t\t<div class=\"elementor-widget-wrap elementor-element-populated\">\n\t\t\t\t\t\t<div class=\"elementor-element elementor-element-3086bab elementor-widget elementor-widget-heading\" data-id=\"3086bab\" data-element_type=\"widget\" data-e-type=\"widget\" data-widget_type=\"heading.default\">\n\t\t\t\t<div class=\"elementor-widget-container\">\n\t\t\t\t\t<h2 class=\"elementor-heading-title elementor-size-default\">Mensaje de la Presidente de la Direcci\u00f3n de la AIDEP\/AIDAP<\/h2>\t\t\t\t<\/div>\n\t\t\t\t<\/div>\n\t\t\t\t\t<\/div>\n\t\t<\/div>\n\t\t\t\t\t<\/div>\n\t\t<\/section>\n\t\t\t\t<section class=\"elementor-section elementor-top-section elementor-element elementor-element-423bef7 elementor-section-boxed elementor-section-height-default elementor-section-height-default\" data-id=\"423bef7\" data-element_type=\"section\" data-e-type=\"section\">\n\t\t\t\t\t\t<div class=\"elementor-container elementor-column-gap-default\">\n\t\t\t\t\t<div class=\"elementor-column elementor-col-33 elementor-top-column elementor-element elementor-element-496ed76\" data-id=\"496ed76\" data-element_type=\"column\" data-e-type=\"column\">\n\t\t\t<div class=\"elementor-widget-wrap elementor-element-populated\">\n\t\t\t\t\t\t<div class=\"elementor-element elementor-element-025a9ae elementor-widget elementor-widget-image\" data-id=\"025a9ae\" data-element_type=\"widget\" data-e-type=\"widget\" data-widget_type=\"image.default\">\n\t\t\t\t<div class=\"elementor-widget-container\">\n\t\t\t\t\t\t\t\t\t\t\t\t\t\t\t<img fetchpriority=\"high\" decoding=\"async\" width=\"294\" height=\"300\" src=\"https:\/\/aidap2023.ualg.pt\/wp-content\/uploads\/2022\/08\/RosaNovo.png\" class=\"attachment-medium size-medium wp-image-153\" alt=\"\" \/>\t\t\t\t\t\t\t\t\t\t\t\t\t\t\t<\/div>\n\t\t\t\t<\/div>\n\t\t\t\t<div class=\"elementor-element elementor-element-0a729f3 elementor-widget elementor-widget-text-editor\" data-id=\"0a729f3\" data-element_type=\"widget\" data-e-type=\"widget\" data-widget_type=\"text-editor.default\">\n\t\t\t\t<div class=\"elementor-widget-container\">\n\t\t\t\t\t\t\t\t\t<p><strong>Rosa F. Novo<\/strong><br \/>Presidente de la Direcci\u00f3n de la AIDEP\/AIDAP<\/p>\t\t\t\t\t\t\t\t<\/div>\n\t\t\t\t<\/div>\n\t\t\t\t\t<\/div>\n\t\t<\/div>\n\t\t\t\t<div class=\"elementor-column elementor-col-66 elementor-top-column elementor-element elementor-element-c6d6647\" data-id=\"c6d6647\" data-element_type=\"column\" data-e-type=\"column\">\n\t\t\t<div class=\"elementor-widget-wrap elementor-element-populated\">\n\t\t\t\t\t\t<div class=\"elementor-element elementor-element-2160f0c elementor-widget elementor-widget-text-editor\" data-id=\"2160f0c\" data-element_type=\"widget\" data-e-type=\"widget\" data-widget_type=\"text-editor.default\">\n\t\t\t\t<div class=\"elementor-widget-container\">\n\t\t\t\t\t\t\t\t\t<p>La Evaluaci\u00f3n Psicol\u00f3gica es un dominio que, partiendo de la integraci\u00f3n de conocimientos de la ciencia psicol\u00f3gica sobre el comportamiento humano y el funcionamiento mental, procura desarrollar modelos y t\u00e9cnicas capaces de responder a los desaf\u00edos que la realidad de las personas, grupos e instituciones plantean. Dado el car\u00e1cter transversal de la evaluaci\u00f3n psicol\u00f3gica en la Psicolog\u00eda de hoy, este dominio ha tenido un notable desarrollo diversificado en los planos conceptual, metodol\u00f3gico y t\u00e9cnico, con postulados te\u00f3ricos, construcciones y contribuciones emp\u00edricas contextualizadas en \u00e1reas de aplicaci\u00f3n especializada.<\/p><p>La atenci\u00f3n a este dominio cient\u00edfico, y su importancia en la formaci\u00f3n de Psic\u00f3logos de diferentes \u00e1reas de investigaci\u00f3n e intervenci\u00f3n, llevaron a AIDEP, fundada hace casi tres d\u00e9cadas, a asumir como misi\u00f3n la promoci\u00f3n del desarrollo y la difusi\u00f3n de la investigaci\u00f3n en torno a la evaluaci\u00f3n psicol\u00f3gica en sus diferentes concepciones y vertientes aplicadas, sobretodo en el espacio de las lenguas espa\u00f1ola y portuguesa. Este proyecto se ha materializado mediante e la Revista Iberoamericana de Diagn\u00f3stico y Evaluaci\u00f3n Psicol\u00f3gica (RIDEP) \u2013 que ha materializado a la vasta y creciente producci\u00f3n cient\u00edfica realizada en este \u00e1mbito\u2013 y en los Congresos regularmente realizados, que han constituido como fruct\u00edferos espacios de reflexi\u00f3n en torno de la Evaluaci\u00f3n Psicol\u00f3gica.<\/p><p>En este contexto, tenemos la satisfacci\u00f3n de anunciar la realizaci\u00f3n en 2023 del XI Congreso Iberoamericano de Evaluaci\u00f3n \/ XI Congresso Iberoamericano de Avalia\u00e7\u00e3o Psicol\u00f3gica, subordinado al tema \u201cEvaluaci\u00f3n Psicol\u00f3gica: Modelos, Metodolog\u00edas y Aplicaciones\u201d. Tenemos la expectativa de que este Congreso, promovido por la AIDAP\/AIDEP, sea una oportunidad de (re)encuentro y di\u00e1logo entre profesionales y estudiantes, interesados en compartiros sus estudios y proyectos en las diferentes \u00e1reas de investigaci\u00f3n e intervenci\u00f3n psicol\u00f3gica en que se requiere Evaluaci\u00f3n Psicol\u00f3gica.<\/p><p>Los Colegas Sa\u00fal Neves de Jesus y Maria Jo\u00e3o Afonso, Presidentes de las Comisiones Organizadora y Cient\u00edfica, respectivamente, est\u00e1n fuertemente empe\u00f1ados en la preparaci\u00f3n de este XI Congreso y la Universidad del Algarve, reconocida por su dinamismo y excelencia cient\u00edfica, nos acoger\u00e1 como anfitriona, los d\u00edas 4 y 5 de mayo de 2023, en Faro (Portugal). \nOs esperamos.<\/p>\t\t\t\t\t\t\t\t<\/div>\n\t\t\t\t<\/div>\n\t\t\t\t\t<\/div>\n\t\t<\/div>\n\t\t\t\t\t<\/div>\n\t\t<\/section>\n\t\t\t\t<\/div>","protected":false},"excerpt":{"rendered":"<p>Mensagem da Presidente da Dire\u00e7\u00e3o da AIDEP\/AIDAP Rosa F. NovoPresidente da Dire\u00e7\u00e3o da AIDEP\/AIDAP A Avalia\u00e7\u00e3o Psicol\u00f3gica \u00e9 um dom\u00ednio que, partindo da integra\u00e7\u00e3o de conhecimentos da ci\u00eancia psicol\u00f3gica sobre o comportamento humano e o funcionamento mental, procura desenvolver modelos e t\u00e9cnicas capazes de responder aos desafios que a realidade das pessoas, grupos ou institui\u00e7\u00f5es [&hellip;]<\/p>\n","protected":false},"author":2,"featured_media":0,"parent":0,"menu_order":0,"comment_status":"closed","ping_status":"closed","template":"","meta":{"footnotes":""},"class_list":["post-151","page","type-page","status-publish","hentry"],"_links":{"self":[{"href":"https:\/\/aidap2023.ualg.pt\/es\/wp-json\/wp\/v2\/pages\/151","targetHints":{"allow":["GET"]}}],"collection":[{"href":"https:\/\/aidap2023.ualg.pt\/es\/wp-json\/wp\/v2\/pages"}],"about":[{"href":"https:\/\/aidap2023.ualg.pt\/es\/wp-json\/wp\/v2\/types\/page"}],"author":[{"embeddable":true,"href":"https:\/\/aidap2023.ualg.pt\/es\/wp-json\/wp\/v2\/users\/2"}],"replies":[{"embeddable":true,"href":"https:\/\/aidap2023.ualg.pt\/es\/wp-json\/wp\/v2\/comments?post=151"}],"version-history":[{"count":5,"href":"https:\/\/aidap2023.ualg.pt\/es\/wp-json\/wp\/v2\/pages\/151\/revisions"}],"predecessor-version":[{"id":458,"href":"https:\/\/aidap2023.ualg.pt\/es\/wp-json\/wp\/v2\/pages\/151\/revisions\/458"}],"wp:attachment":[{"href":"https:\/\/aidap2023.ualg.pt\/es\/wp-json\/wp\/v2\/media?parent=151"}],"curies":[{"name":"wp","href":"https:\/\/api.w.org\/{rel}","templated":true}]}}